{"id":405,"date":"2018-02-14T12:00:48","date_gmt":"2018-02-14T11:00:48","guid":{"rendered":"https:\/\/akzente.jetzt\/?page_id=405"},"modified":"2018-03-19T21:39:18","modified_gmt":"2018-03-19T20:39:18","slug":"kurse","status":"publish","type":"page","link":"https:\/\/akzente.jetzt\/cms\/kurse\/","title":{"rendered":"Kurse"},"content":{"rendered":"<div class=\"container\">\n<div class=\"row\">\n<div class=\"col-12\">\n<h2>Kursangebote in der Kreativwerkstatt<br \/>Angelika Michl<\/h2>\n<p>            <i>Machen Sie mit und werden Sie kreativ!<\/i><\/p>\n<p>Sie m\u00fcssen keinerlei Vorkenntnisse haben, um sich im Atelier wohl zu f\u00fchlen. Neugierde, Freude am Experimentieren und die eigenen Stimmungen wahrnehmen \u2013 das sind die besten Voraussetzungen, um bei mir und mit mir das Abenteuer mit den Farben\/Materialien einzugehen. Sie k\u00f6nnen Einzelstunden oder Kurse buchen. Um die Qualit\u00e4t der Kurse und individuelle Betreuung zu gew\u00e4hrleisten, sind die Pl\u00e4tze begrenzt! Melden Sie sich bitte baldm\u00f6glichst an.<\/p>\n<\/p><\/div>\n<\/p><\/div>\n<div class=\"row\">\n<div class=\"col-md-6 col-12\"><img decoding=\"async\" src=\"https:\/\/akzente.jetzt\/cms\/wp-content\/uploads\/2018\/02\/Bildschirmfoto-2018-02-14-um-11.38.14-300x233.png\" alt=\"\" width=\"100%\" class=\"aligncenter size-medium wp-image-411\" srcset=\"https:\/\/akzente.jetzt\/cms\/wp-content\/uploads\/2018\/02\/Bildschirmfoto-2018-02-14-um-11.38.14-300x233.png 300w, https:\/\/akzente.jetzt\/cms\/wp-content\/uploads\/2018\/02\/Bildschirmfoto-2018-02-14-um-11.38.14-768x595.png 768w, https:\/\/akzente.jetzt\/cms\/wp-content\/uploads\/2018\/02\/Bildschirmfoto-2018-02-14-um-11.38.14.png 1878w\" sizes=\"(max-width: 300px) 100vw, 300px\" \/><\/div>\n<div class=\"col-md-6 col-12\">\n<h3>\u201eEntdecke die Kraft der Farben\u201c<\/h3>\n<p>            <i>Freies Malen an der Staffelei (auf Papier oder Leinwand)<\/i><\/p>\n<p>Beim Malen entdecken wir uns wieder selbst, k\u00f6nnen unserer Phantasie freien Lauf lassen und bekommen dabei unseren Kopf wieder frei. Egal ob j\u00fcnger oder \u00e4lter, dieser Kurs ist f\u00fcr jedes Alter genial. Es entstehen immer wieder spontane, individuelle Bilder.<\/p>\n<\/p><\/div>\n<\/p><\/div>\n<div class=\"row\">\n<div class=\"col-md-6 col-12 order-2 order-md-1\">\n<h3>\u201eGanz locker, gel\u00f6st und entspannt\u201c<\/h3>\n<p>            <i>Wir lassen unsere Seele baumeln.<\/i><\/p>\n<p>Die progressive Muskelrelaxation nach Jacobsen besteht aus An- und Entspannung unserer Muskeln. Beim Kurs \u201eMalen f\u00fcr die Seele\u201c steigen wir mit diesen \u00dcbungen ein. Frei von Anspannung, Hetze und innerlicher Unruhe gehen wir das Abenteuer mit den Farben ein. Eine gute Technik, um den Alltag einmal hinter sich zu lassen.<\/p>\n<\/p><\/div>\n<div class=\"col-md-6 col-12 order-1 order-md-2\"><img decoding=\"async\" src=\"https:\/\/akzente.jetzt\/cms\/wp-content\/uploads\/2018\/02\/Bildschirmfoto-2018-02-14-um-11.38.36-300x264.png\" alt=\"\" width=\"100%\" class=\"aligncenter size-medium wp-image-417\" srcset=\"https:\/\/akzente.jetzt\/cms\/wp-content\/uploads\/2018\/02\/Bildschirmfoto-2018-02-14-um-11.38.36-300x264.png 300w, https:\/\/akzente.jetzt\/cms\/wp-content\/uploads\/2018\/02\/Bildschirmfoto-2018-02-14-um-11.38.36-768x676.png 768w, https:\/\/akzente.jetzt\/cms\/wp-content\/uploads\/2018\/02\/Bildschirmfoto-2018-02-14-um-11.38.36.png 1642w\" sizes=\"(max-width: 300px) 100vw, 300px\" \/><\/div>\n<\/p><\/div>\n<div class=\"row\">\n<div class=\"col-md-6 col-12\"><img decoding=\"async\" src=\"https:\/\/akzente.jetzt\/cms\/wp-content\/uploads\/2018\/02\/Bildschirmfoto-2018-02-14-um-11.39.16-300x215.png\" alt=\"\" width=\"100%\" class=\"aligncenter size-medium wp-image-421\" srcset=\"https:\/\/akzente.jetzt\/cms\/wp-content\/uploads\/2018\/02\/Bildschirmfoto-2018-02-14-um-11.39.16-300x215.png 300w, https:\/\/akzente.jetzt\/cms\/wp-content\/uploads\/2018\/02\/Bildschirmfoto-2018-02-14-um-11.39.16-768x551.png 768w, https:\/\/akzente.jetzt\/cms\/wp-content\/uploads\/2018\/02\/Bildschirmfoto-2018-02-14-um-11.39.16.png 1948w\" sizes=\"(max-width: 300px) 100vw, 300px\" \/><\/div>\n<div class=\"col-md-6 col-12\">\n<h3>\u201eFormsch\u00f6n verbinden\u201c<\/h3>\n<p>            <i>Gestalten mit Gipsbinden<\/i><\/p>\n<p>Wir haben einen Fundus von \u201ewertlosem Material\u201c, das wir zu einer Skulptur vereinen und mit Gipsbinden formsch\u00f6n gestalten. Nach der Trocknung wird das Projekt mit Acrylfarben bemalt und mit Klarlack bespr\u00fcht, damit es wetterfest ist.<\/p>\n<\/p><\/div>\n<\/p><\/div>\n<div class=\"row\">\n<div class=\"col-md-6 col-12\">\n<h3>\u201eWolle trifft Seife\u201c<\/h3>\n<p>            <i>Filzen mit Naturwolle (nass\/trocken filzen mit der Nadel)<\/i><\/p>\n<p>Nassfilzen ist eine sinnliche Besch\u00e4ftigung, die Jung und Alt gleicherma\u00dfen Spa\u00df macht. Das Einwirken von hei\u00dfer Seifenlauge auf der Naturwolle ist ein angenehmes Gef\u00fchl. Mit der Filznadel k\u00f6nnen weitere Akzente gesetzt werden. Mit der Naturwolle k\u00f6nnen auch wundersch\u00f6ne Bilder gelegt werden, die hinter Glas in einem Rahmen fixiert werden.<\/p>\n<\/p><\/div>\n<div class=\"col-md-6 col-12 order-1 order-md-2\"><img decoding=\"async\" src=\"https:\/\/akzente.jetzt\/cms\/wp-content\/uploads\/2018\/02\/Bildschirmfoto-2018-02-14-um-11.39.27-300x296.png\" alt=\"\" width=\"100%\" class=\"aligncenter size-medium wp-image-422\" srcset=\"https:\/\/akzente.jetzt\/cms\/wp-content\/uploads\/2018\/02\/Bildschirmfoto-2018-02-14-um-11.39.27-300x296.png 300w, https:\/\/akzente.jetzt\/cms\/wp-content\/uploads\/2018\/02\/Bildschirmfoto-2018-02-14-um-11.39.27-768x758.png 768w, https:\/\/akzente.jetzt\/cms\/wp-content\/uploads\/2018\/02\/Bildschirmfoto-2018-02-14-um-11.39.27.png 1432w\" sizes=\"(max-width: 300px) 100vw, 300px\" \/><\/div>\n<\/p><\/div>\n<div class=\"row\">\n<div class=\"col-md-6 col-12\"><img decoding=\"async\" src=\"https:\/\/akzente.jetzt\/cms\/wp-content\/uploads\/2018\/02\/Bildschirmfoto-2018-02-14-um-11.39.49-300x283.png\" alt=\"\" width=\"100%\" class=\"aligncenter size-medium wp-image-424\" srcset=\"https:\/\/akzente.jetzt\/cms\/wp-content\/uploads\/2018\/02\/Bildschirmfoto-2018-02-14-um-11.39.49-300x283.png 300w, https:\/\/akzente.jetzt\/cms\/wp-content\/uploads\/2018\/02\/Bildschirmfoto-2018-02-14-um-11.39.49-768x724.png 768w, https:\/\/akzente.jetzt\/cms\/wp-content\/uploads\/2018\/02\/Bildschirmfoto-2018-02-14-um-11.39.49.png 1438w\" sizes=\"(max-width: 300px) 100vw, 300px\" \/><\/div>\n<div class=\"col-md-6 col-12\">\n<h3>\u201eKunst und Krempel\u201c<\/h3>\n<p>            <i>Werken mit verschiedenen Materialien<\/i><\/p>\n<p>Hierbei sind der Kreativit\u00e4t keine Grenzen gesetzt. Frau\/Mann st\u00f6bert in der Schatzkiste und f\u00fcgt verschiedene Materialien zu einem Ensemble zusammen. Oft entstehen dabei Kreationen, die es wert sind, genauer betrachtet zu werden. Dieses Kursangebote ist besonders geeignet, sich auszuprobieren und der Phantasie freien Lauf zu lassen.<\/p>\n<\/p><\/div>\n<\/p><\/div>\n<div class=\"row\">\n<div class=\"col-12\">\n<h3>Kosten:<\/h3>\n<p>Alle Angebote k\u00f6nnen als Einzelstunde oder Kurs gebucht werden (f\u00fcr Kinder wie f\u00fcr Erwachsene), oder als Workshop bei Ihnen zu Hause\/in Ihrer Einrichtung. Ich biete die Kurse f\u00fcr Kindergeburtstagsfeiern an <\/p>\n<table class=\"table\">\n<thead class=\"border-top-0\">\n<tr>\n<th scope=\"col\">Kurs<\/th>\n<th scope=\"col\">Zeit<\/th>\n<th scope=\"col\">Kosten<\/th>\n<\/tr>\n<\/thead>\n<tbody>\n<tr>\n<td>1 Kurseinheit<\/td>\n<td>1,5 Stunden<\/td>\n<td>25 \u20ac + Materialkosten<\/td>\n<\/tr>\n<tr>\n<td>2 Kurseinheiten<\/td>\n<td>2 x 1,5 Stunden<\/td>\n<td>45 \u20ac + Materialkosten<\/td>\n<\/tr>\n<tr>\n<td>3 Kurseinheiten<\/td>\n<td>3 x 1,5 Stunden<\/td>\n<td>60 \u20ac + Materialkosten<\/td>\n<\/tr>\n<\/tbody>\n<\/table>\n<p class=\"text-center h4 mt-5\">Habe ich Ihr Interesse geweckt? Ben\u00f6tigen Sie mehr infos? <br \/>Dann kontaktieren Sie mich. Aktuelle Kursangebote finden Sie unter <a href=\"https:\/\/akzente.jetzt\/news\/\">News<\/a><\/p>\n<div class=\"text-center mt-5\">\n<a href=\"https:\/\/akzente.jetzt\/cms\/wp-content\/uploads\/2018\/02\/Flyer_Kurse_180209_Druck.pdf\" class=\"btn btn-primary active\" role=\"button\" aria-pressed=\"true\" target=\"_new\">Download als PDF<\/a>\n<\/div>\n<\/p><\/div>\n<\/p><\/div>\n<\/div>\n","protected":false},"excerpt":{"rendered":"<p>Kursangebote in der KreativwerkstattAngelika Michl Machen Sie mit und werden Sie kreativ! Sie m\u00fcssen keinerlei Vorkenntnisse haben, um sich im Atelier wohl zu f\u00fchlen. Neugierde, Freude am Experimentieren und die eigenen Stimmungen wahrnehmen \u2013 das sind die besten Voraussetzungen, um bei mir und mit mir das Abenteuer mit den Farben\/Materialien einzugehen. Sie k\u00f6nnen Einzelstunden oder [&hellip;]<\/p>\n","protected":false},"author":1,"featured_media":0,"parent":0,"menu_order":0,"comment_status":"closed","ping_status":"closed","template":"","meta":{"footnotes":""},"_links":{"self":[{"href":"https:\/\/akzente.jetzt\/cms\/wp-json\/wp\/v2\/pages\/405"}],"collection":[{"href":"https:\/\/akzente.jetzt\/cms\/wp-json\/wp\/v2\/pages"}],"about":[{"href":"https:\/\/akzente.jetzt\/cms\/wp-json\/wp\/v2\/types\/page"}],"author":[{"embeddable":true,"href":"https:\/\/akzente.jetzt\/cms\/wp-json\/wp\/v2\/users\/1"}],"replies":[{"embeddable":true,"href":"https:\/\/akzente.jetzt\/cms\/wp-json\/wp\/v2\/comments?post=405"}],"version-history":[{"count":41,"href":"https:\/\/akzente.jetzt\/cms\/wp-json\/wp\/v2\/pages\/405\/revisions"}],"predecessor-version":[{"id":476,"href":"https:\/\/akzente.jetzt\/cms\/wp-json\/wp\/v2\/pages\/405\/revisions\/476"}],"wp:attachment":[{"href":"https:\/\/akzente.jetzt\/cms\/wp-json\/wp\/v2\/media?parent=405"}],"curies":[{"name":"wp","href":"https:\/\/api.w.org\/{rel}","templated":true}]}}